{"id":530,"date":"2022-10-26T15:30:41","date_gmt":"2022-10-26T13:30:41","guid":{"rendered":"https:\/\/www.morere-menuiseries.fr\/?page_id=530"},"modified":"2022-10-27T14:05:48","modified_gmt":"2022-10-27T12:05:48","slug":"elementor-530","status":"publish","type":"page","link":"https:\/\/www.morere-menuiseries.fr\/index.php\/elementor-530\/","title":{"rendered":"Conditions g\u00e9n\u00e9rales de ventes"},"content":{"rendered":"\t\t<div data-elementor-type=\"wp-page\" data-elementor-id=\"530\" class=\"elementor elementor-530\" data-elementor-post-type=\"page\">\n\t\t\t\t\t\t<section class=\"elementor-section elementor-top-section elementor-element elementor-element-960ea10 elementor-section-boxed elementor-section-height-default elementor-section-height-default\" data-id=\"960ea10\" data-element_type=\"section\" data-e-type=\"section\" data-settings=\"{&quot;background_background&quot;:&quot;classic&quot;}\">\n\t\t\t\t\t\t\t<div class=\"elementor-background-overlay\"><\/div>\n\t\t\t\t\t\t\t<div class=\"elementor-container elementor-column-gap-default\">\n\t\t\t\t\t<div class=\"elementor-column elementor-col-100 elementor-top-column elementor-element elementor-element-1d4b4b5\" data-id=\"1d4b4b5\" data-element_type=\"column\" data-e-type=\"column\">\n\t\t\t<div class=\"elementor-widget-wrap elementor-element-populated\">\n\t\t\t\t\t\t<div class=\"elementor-element elementor-element-fd2e706 elementor-widget elementor-widget-heading\" data-id=\"fd2e706\" data-element_type=\"widget\" data-e-type=\"widget\" data-widget_type=\"heading.default\">\n\t\t\t\t<div class=\"elementor-widget-container\">\n\t\t\t\t\t<h2 class=\"elementor-heading-title elementor-size-default\">Conditions g\u00e9n\u00e9rales de ventes<\/h2>\t\t\t\t<\/div>\n\t\t\t\t<\/div>\n\t\t\t\t\t<\/div>\n\t\t<\/div>\n\t\t\t\t\t<\/div>\n\t\t<\/section>\n\t\t\t\t<section class=\"elementor-section elementor-top-section elementor-element elementor-element-06eb9f3 elementor-section-boxed elementor-section-height-default elementor-section-height-default\" data-id=\"06eb9f3\" data-element_type=\"section\" data-e-type=\"section\">\n\t\t\t\t\t\t<div class=\"elementor-container elementor-column-gap-default\">\n\t\t\t\t\t<div class=\"elementor-column elementor-col-100 elementor-top-column elementor-element elementor-element-0b93770\" data-id=\"0b93770\" data-element_type=\"column\" data-e-type=\"column\">\n\t\t\t<div class=\"elementor-widget-wrap elementor-element-populated\">\n\t\t\t\t\t\t<div class=\"elementor-element elementor-element-61db827 elementor-widget elementor-widget-text-editor\" data-id=\"61db827\" data-element_type=\"widget\" data-e-type=\"widget\" data-widget_type=\"text-editor.default\">\n\t\t\t\t<div class=\"elementor-widget-container\">\n\t\t\t\t\t\t\t\t\t<p>Toute commande de travaux implique de la part du client l\u2019acceptation sans r\u00e9serve des conditions g\u00e9n\u00e9rales ci-dessous et la renonciation \u00e0 ses propres conditions, sauf convention sp\u00e9ciale contraire \u00e9crite.<\/p><p>\u00a0<\/p><h2>VALIDITE<\/h2><p>Notre offre est valable pour une dur\u00e9e de 2 mois pour des travaux \u00e0 effectuer dans les 2 mois de son acceptation sign\u00e9e du client. Toute commande pass\u00e9e apr\u00e8s ce d\u00e9lai de 2 mois du jour de notre proposition doit entra\u00eener une confirmation de notre part. Le prix pourra \u00eatre r\u00e9vis\u00e9, le cas \u00e9ch\u00e9ant, par application des coefficients de r\u00e9vision calcul\u00e9s d\u2019apr\u00e8s les param\u00e8tres suivants : 0,25BT15+0,50BT18+0,25BT20 en fonction du d\u00e9lai, en nombre de mois, existant entre la date d\u2019ex\u00e9cution des travaux et celle de la proposition de prix. La signature par le client du devis ou de la commande l\u2019engage de fa\u00e7on ferme et d\u00e9finitive. Les travaux sont express\u00e9ment limit\u00e9s \u00e0 ceux qui sont sp\u00e9cifi\u00e9s dans l\u2019offre, le devis ou la commande. Les travaux suppl\u00e9mentaires ainsi que les travaux d\u2019entretien \u00e9ventuels, feront l\u2019objet d\u2019un devis compl\u00e9mentaire accept\u00e9 au pr\u00e9alable.<\/p><p>\u00a0<\/p><h2>PROPRIETE DES DEVIS ET DES PLANS<\/h2><p>Nos devis, dessins, plans, maquettes et descriptifs restent notre propri\u00e9t\u00e9 exclusive. Leur communication \u00e0 d\u2019autres entreprises ou tiers est interdite et passible de dommages-int\u00e9r\u00eats. Ils doivent \u00eatre rendus s\u2019ils ne sont pas suivis d\u2019une commande.<\/p><h2>DELAIS<\/h2><p>Les d\u00e9lais de livraison ne sont donn\u00e9s qu\u2019\u00e0 titre indicatif sauf stipulations contraires du march\u00e9. Nous sommes d\u00e9gag\u00e9s de tout engagement relatif aux d\u00e9lais de livraison dans le cas :<\/p><ul><li>o\u00f9 les conditions de paiement n\u2019ont pas \u00e9t\u00e9 observ\u00e9es par le client,<\/li><li>de retard apport\u00e9 \u00e0 la remise de l\u2019ordre d\u2019ex\u00e9cution,<\/li><li>de modification au programme des travaux,<\/li><li>de retard des autres corps d\u2019Etat,<\/li><li>de travaux suppl\u00e9mentaires,<\/li><li>ou les locaux \u00e0 am\u00e9nager ne sont pas mis \u00e0 notre disposition \u00e0 la date pr\u00e9vue,<\/li><li>de force majeure ou d\u2019\u00e9v\u00e9nements tels que : guerre, gr\u00e8ve de l\u2019entreprise ou de l\u2019un de ses fournisseurs, emp\u00eachement de transport, incendie, intemp\u00e9ries, rupture de stock du<\/li><\/ul><p>\u00a0<\/p><h2>CONDITIONS D\u2019EXECUTION<\/h2><p>Nous ne sommes tenus de commencer les travaux que dans le cadre des d\u00e9lais pr\u00e9vus par notre offre. La pose de nos ouvrages ne pourra s\u2019effectuer qu\u2019apr\u00e8s ach\u00e8vement des emplacements r\u00e9serv\u00e9s \u00e0 cet effet et apr\u00e8s siccit\u00e9 compl\u00e8te de ma\u00e7onneries, pl\u00e2treries, et carrelages.<\/p><p>La tenue des bois d\u00e9pend essentiellement du degr\u00e9 hygrom\u00e9trique des locaux dans lesquels sont plac\u00e9es les menuiseries. Nous ne pourrons \u00eatre tenus pour responsables des d\u00e9formations, gauchissements ou retraits des bois survenus par suites d\u2019hygrom\u00e9trie anormale.<\/p><p>\u00a0<\/p><h2>RECEPTIONS \u2013 RECLAMATIONS<\/h2><p>Les travaux seront r\u00e9ceptionn\u00e9s au plus tard 15 jours apr\u00e8s leur ach\u00e8vement. A d\u00e9faut de cette r\u00e9ception dans les 30 jours suivant l\u2019ach\u00e8vement des travaux, ceux-ci seront consid\u00e9r\u00e9s comme accept\u00e9s sans r\u00e9serve.<\/p><h2>PAIEMENTS<\/h2><p>Nos travaux \u00e9tant enti\u00e8rement ex\u00e9cut\u00e9s sur commande, leur paiement s\u2019effectue comme suit :<\/p><ul><li>\u00e0 la commande : <em>30% la somme<\/em><\/li><li>au d\u00e9but des travaux : situation avancement des travaux<\/li><\/ul><p>\u00a0<\/p><ul><li>le solde \u00e0 la date d\u2019\u00e9ch\u00e9ance figurant sur la facture, sans escompte ni rabais, ni retenue de quelque<\/li><\/ul><p>\u00a0<\/p><h2>SUSPENSION DES TRAVAUX<\/h2><p>En cas de non-observation des conditions de paiement, l\u2019entreprise se r\u00e9serve le droit de suspendre les travaux trois jours apr\u00e8s avoir mis le client en demeure de tenir ses engagements.<\/p><p>\u00a0<\/p><h2>CLAUSES PENALES<\/h2><p>En cas de rupture du contrat, imputable au client, avant la r\u00e9alisation des travaux command\u00e9s, l\u2019acompte vers\u00e9 \u00e0 la commande sera conserv\u00e9 \u00e0 titre d\u2019indemnisation forfaitaire. A cette somme s\u2019ajoutera le montant des fournitures et du mat\u00e9riel d\u00e9j\u00e0 command\u00e9. En cas de rupture du contrat en cours de r\u00e9alisation des travaux s\u2019ajoutera \u00e0 la facturation des travaux r\u00e9alis\u00e9s une somme forfaitaire \u00e9gale \u00e0 15% du montant TTC du devis ou de la commande.<\/p><p>Conform\u00e9ment \u00e0 l\u2019article L441-6 du nouveau code de commerce, des p\u00e9nalit\u00e9s de retard sont obligatoirement appliqu\u00e9es dans le cas o\u00f9 les sommes dues sont vers\u00e9es apr\u00e8s la date de paiement figurant sur la facture.<\/p><p>Le taux de ces int\u00e9r\u00eats de retard est \u00e9gal \u00e0 1% par mois de retard. Apr\u00e8s mise en demeure, ils courent \u00e0 partir de la date de r\u00e8glement et sont calcul\u00e9s par mois, le mois entam\u00e9 comptant pour un mois entier.<\/p><p>\u00a0<\/p><h2>RESERVE DE PROPRIETE<\/h2><p>La marchandise livr\u00e9e reste notre propri\u00e9t\u00e9 jusqu\u2019\u00e0 paiement int\u00e9gral du prix. Toutefois, les risques sont transf\u00e9r\u00e9s d\u00e8s la livraison.<\/p><p>Dans le cas o\u00f9 le paiement n\u2019interviendrait pas dans le d\u00e9lai pr\u00e9vu, nous nous r\u00e9servons le droit de reprendre la chose livr\u00e9e et, si bon nous semble, de r\u00e9soudre le contrat.<\/p><h2>ATTRIBUTION DE COMPETENCE<\/h2><p>En cas de contestation, il est fait attribution de comp\u00e9tence aux tribunaux du si\u00e8ge social de notre entreprise.<\/p>\t\t\t\t\t\t\t\t<\/div>\n\t\t\t\t<\/div>\n\t\t\t\t\t<\/div>\n\t\t<\/div>\n\t\t\t\t\t<\/div>\n\t\t<\/section>\n\t\t\t\t<\/div>\n\t\t","protected":false},"excerpt":{"rendered":"<p>Conditions g\u00e9n\u00e9rales de ventes Toute commande de travaux implique de la part du client l\u2019acceptation sans r\u00e9serve des conditions g\u00e9n\u00e9rales ci-dessous et la renonciation \u00e0 ses propres conditions, sauf convention sp\u00e9ciale contraire \u00e9crite. \u00a0 VALIDITE Notre offre est valable pour une dur\u00e9e de 2 mois pour des travaux \u00e0 effectuer dans les 2 mois de [&hellip;]<\/p>\n","protected":false},"author":1,"featured_media":0,"parent":0,"menu_order":0,"comment_status":"closed","ping_status":"closed","template":"elementor_header_footer","meta":{"footnotes":""},"class_list":["post-530","page","type-page","status-publish","hentry"],"yoast_head":"<!-- This site is optimized with the Yoast SEO plugin v27.4 - https:\/\/yoast.com\/product\/yoast-seo-wordpress\/ -->\n<title>Conditions g\u00e9n\u00e9rales de ventes - Menuiseries Mor\u00e8re<\/title>\n<meta name=\"robots\" content=\"index, follow, max-snippet:-1, max-image-preview:large, max-video-preview:-1\" \/>\n<link rel=\"canonical\" href=\"https:\/\/www.morere-menuiseries.fr\/index.php\/elementor-530\/\" \/>\n<meta property=\"og:locale\" content=\"fr_FR\" \/>\n<meta property=\"og:type\" content=\"article\" \/>\n<meta property=\"og:title\" content=\"Conditions g\u00e9n\u00e9rales de ventes - Menuiseries Mor\u00e8re\" \/>\n<meta property=\"og:description\" content=\"Conditions g\u00e9n\u00e9rales de ventes Toute commande de travaux implique de la part du client l\u2019acceptation sans r\u00e9serve des conditions g\u00e9n\u00e9rales ci-dessous et la renonciation \u00e0 ses propres conditions, sauf convention sp\u00e9ciale contraire \u00e9crite. \u00a0 VALIDITE Notre offre est valable pour une dur\u00e9e de 2 mois pour des travaux \u00e0 effectuer dans les 2 mois de [&hellip;]\" \/>\n<meta property=\"og:url\" content=\"https:\/\/www.morere-menuiseries.fr\/index.php\/elementor-530\/\" \/>\n<meta property=\"og:site_name\" content=\"Menuiseries Mor\u00e8re\" \/>\n<meta property=\"article:modified_time\" content=\"2022-10-27T12:05:48+00:00\" \/>\n<meta name=\"twitter:card\" content=\"summary_large_image\" \/>\n<meta name=\"twitter:label1\" content=\"Dur\u00e9e de lecture estim\u00e9e\" \/>\n\t<meta name=\"twitter:data1\" content=\"4 minutes\" \/>\n<script type=\"application\/ld+json\" class=\"yoast-schema-graph\">{\"@context\":\"https:\\\/\\\/schema.org\",\"@graph\":[{\"@type\":\"WebPage\",\"@id\":\"https:\\\/\\\/www.morere-menuiseries.fr\\\/index.php\\\/elementor-530\\\/\",\"url\":\"https:\\\/\\\/www.morere-menuiseries.fr\\\/index.php\\\/elementor-530\\\/\",\"name\":\"Conditions g\u00e9n\u00e9rales de ventes - Menuiseries Mor\u00e8re\",\"isPartOf\":{\"@id\":\"https:\\\/\\\/www.morere-menuiseries.fr\\\/#website\"},\"datePublished\":\"2022-10-26T13:30:41+00:00\",\"dateModified\":\"2022-10-27T12:05:48+00:00\",\"breadcrumb\":{\"@id\":\"https:\\\/\\\/www.morere-menuiseries.fr\\\/index.php\\\/elementor-530\\\/#breadcrumb\"},\"inLanguage\":\"fr-FR\",\"potentialAction\":[{\"@type\":\"ReadAction\",\"target\":[\"https:\\\/\\\/www.morere-menuiseries.fr\\\/index.php\\\/elementor-530\\\/\"]}]},{\"@type\":\"BreadcrumbList\",\"@id\":\"https:\\\/\\\/www.morere-menuiseries.fr\\\/index.php\\\/elementor-530\\\/#breadcrumb\",\"itemListElement\":[{\"@type\":\"ListItem\",\"position\":1,\"name\":\"Accueil\",\"item\":\"https:\\\/\\\/www.morere-menuiseries.fr\\\/\"},{\"@type\":\"ListItem\",\"position\":2,\"name\":\"Conditions g\u00e9n\u00e9rales de ventes\"}]},{\"@type\":\"WebSite\",\"@id\":\"https:\\\/\\\/www.morere-menuiseries.fr\\\/#website\",\"url\":\"https:\\\/\\\/www.morere-menuiseries.fr\\\/\",\"name\":\"Menuiseries Mor\u00e8re\",\"description\":\"Un professionnel \u00e0 votre service\",\"publisher\":{\"@id\":\"https:\\\/\\\/www.morere-menuiseries.fr\\\/#organization\"},\"potentialAction\":[{\"@type\":\"SearchAction\",\"target\":{\"@type\":\"EntryPoint\",\"urlTemplate\":\"https:\\\/\\\/www.morere-menuiseries.fr\\\/?s={search_term_string}\"},\"query-input\":{\"@type\":\"PropertyValueSpecification\",\"valueRequired\":true,\"valueName\":\"search_term_string\"}}],\"inLanguage\":\"fr-FR\"},{\"@type\":\"Organization\",\"@id\":\"https:\\\/\\\/www.morere-menuiseries.fr\\\/#organization\",\"name\":\"Menuiseries Mor\u00e8re\",\"url\":\"https:\\\/\\\/www.morere-menuiseries.fr\\\/\",\"logo\":{\"@type\":\"ImageObject\",\"inLanguage\":\"fr-FR\",\"@id\":\"https:\\\/\\\/www.morere-menuiseries.fr\\\/#\\\/schema\\\/logo\\\/image\\\/\",\"url\":\"https:\\\/\\\/www.morere-menuiseries.fr\\\/wp-content\\\/uploads\\\/2022\\\/04\\\/cropped-Logo-Morere-menuiserie.png\",\"contentUrl\":\"https:\\\/\\\/www.morere-menuiseries.fr\\\/wp-content\\\/uploads\\\/2022\\\/04\\\/cropped-Logo-Morere-menuiserie.png\",\"width\":750,\"height\":750,\"caption\":\"Menuiseries Mor\u00e8re\"},\"image\":{\"@id\":\"https:\\\/\\\/www.morere-menuiseries.fr\\\/#\\\/schema\\\/logo\\\/image\\\/\"}}]}<\/script>\n<!-- \/ Yoast SEO plugin. -->","yoast_head_json":{"title":"Conditions g\u00e9n\u00e9rales de ventes - Menuiseries Mor\u00e8re","robots":{"index":"index","follow":"follow","max-snippet":"max-snippet:-1","max-image-preview":"max-image-preview:large","max-video-preview":"max-video-preview:-1"},"canonical":"https:\/\/www.morere-menuiseries.fr\/index.php\/elementor-530\/","og_locale":"fr_FR","og_type":"article","og_title":"Conditions g\u00e9n\u00e9rales de ventes - Menuiseries Mor\u00e8re","og_description":"Conditions g\u00e9n\u00e9rales de ventes Toute commande de travaux implique de la part du client l\u2019acceptation sans r\u00e9serve des conditions g\u00e9n\u00e9rales ci-dessous et la renonciation \u00e0 ses propres conditions, sauf convention sp\u00e9ciale contraire \u00e9crite. \u00a0 VALIDITE Notre offre est valable pour une dur\u00e9e de 2 mois pour des travaux \u00e0 effectuer dans les 2 mois de [&hellip;]","og_url":"https:\/\/www.morere-menuiseries.fr\/index.php\/elementor-530\/","og_site_name":"Menuiseries Mor\u00e8re","article_modified_time":"2022-10-27T12:05:48+00:00","twitter_card":"summary_large_image","twitter_misc":{"Dur\u00e9e de lecture estim\u00e9e":"4 minutes"},"schema":{"@context":"https:\/\/schema.org","@graph":[{"@type":"WebPage","@id":"https:\/\/www.morere-menuiseries.fr\/index.php\/elementor-530\/","url":"https:\/\/www.morere-menuiseries.fr\/index.php\/elementor-530\/","name":"Conditions g\u00e9n\u00e9rales de ventes - Menuiseries Mor\u00e8re","isPartOf":{"@id":"https:\/\/www.morere-menuiseries.fr\/#website"},"datePublished":"2022-10-26T13:30:41+00:00","dateModified":"2022-10-27T12:05:48+00:00","breadcrumb":{"@id":"https:\/\/www.morere-menuiseries.fr\/index.php\/elementor-530\/#breadcrumb"},"inLanguage":"fr-FR","potentialAction":[{"@type":"ReadAction","target":["https:\/\/www.morere-menuiseries.fr\/index.php\/elementor-530\/"]}]},{"@type":"BreadcrumbList","@id":"https:\/\/www.morere-menuiseries.fr\/index.php\/elementor-530\/#breadcrumb","itemListElement":[{"@type":"ListItem","position":1,"name":"Accueil","item":"https:\/\/www.morere-menuiseries.fr\/"},{"@type":"ListItem","position":2,"name":"Conditions g\u00e9n\u00e9rales de ventes"}]},{"@type":"WebSite","@id":"https:\/\/www.morere-menuiseries.fr\/#website","url":"https:\/\/www.morere-menuiseries.fr\/","name":"Menuiseries Mor\u00e8re","description":"Un professionnel \u00e0 votre service","publisher":{"@id":"https:\/\/www.morere-menuiseries.fr\/#organization"},"potentialAction":[{"@type":"SearchAction","target":{"@type":"EntryPoint","urlTemplate":"https:\/\/www.morere-menuiseries.fr\/?s={search_term_string}"},"query-input":{"@type":"PropertyValueSpecification","valueRequired":true,"valueName":"search_term_string"}}],"inLanguage":"fr-FR"},{"@type":"Organization","@id":"https:\/\/www.morere-menuiseries.fr\/#organization","name":"Menuiseries Mor\u00e8re","url":"https:\/\/www.morere-menuiseries.fr\/","logo":{"@type":"ImageObject","inLanguage":"fr-FR","@id":"https:\/\/www.morere-menuiseries.fr\/#\/schema\/logo\/image\/","url":"https:\/\/www.morere-menuiseries.fr\/wp-content\/uploads\/2022\/04\/cropped-Logo-Morere-menuiserie.png","contentUrl":"https:\/\/www.morere-menuiseries.fr\/wp-content\/uploads\/2022\/04\/cropped-Logo-Morere-menuiserie.png","width":750,"height":750,"caption":"Menuiseries Mor\u00e8re"},"image":{"@id":"https:\/\/www.morere-menuiseries.fr\/#\/schema\/logo\/image\/"}}]}},"_links":{"self":[{"href":"https:\/\/www.morere-menuiseries.fr\/index.php\/wp-json\/wp\/v2\/pages\/530","targetHints":{"allow":["GET"]}}],"collection":[{"href":"https:\/\/www.morere-menuiseries.fr\/index.php\/wp-json\/wp\/v2\/pages"}],"about":[{"href":"https:\/\/www.morere-menuiseries.fr\/index.php\/wp-json\/wp\/v2\/types\/page"}],"author":[{"embeddable":true,"href":"https:\/\/www.morere-menuiseries.fr\/index.php\/wp-json\/wp\/v2\/users\/1"}],"replies":[{"embeddable":true,"href":"https:\/\/www.morere-menuiseries.fr\/index.php\/wp-json\/wp\/v2\/comments?post=530"}],"version-history":[{"count":9,"href":"https:\/\/www.morere-menuiseries.fr\/index.php\/wp-json\/wp\/v2\/pages\/530\/revisions"}],"predecessor-version":[{"id":544,"href":"https:\/\/www.morere-menuiseries.fr\/index.php\/wp-json\/wp\/v2\/pages\/530\/revisions\/544"}],"wp:attachment":[{"href":"https:\/\/www.morere-menuiseries.fr\/index.php\/wp-json\/wp\/v2\/media?parent=530"}],"curies":[{"name":"wp","href":"https:\/\/api.w.org\/{rel}","templated":true}]}}